{"id":582,"date":"2022-08-30T08:31:42","date_gmt":"2022-08-30T11:31:42","guid":{"rendered":"https:\/\/materlandia.mg.leg.br\/?page_id=582"},"modified":"2023-10-25T10:31:05","modified_gmt":"2023-10-25T13:31:05","slug":"582-2","status":"publish","type":"page","link":"https:\/\/materlandia.mg.leg.br\/index.php\/582-2\/","title":{"rendered":"GAUD\u00caNCIO VENTURA DA CRUZ"},"content":{"rendered":"<p><style>\/*! elementor - v3.6.8 - 27-07-2022 *\/<br \/>\n.elementor-widget-image{text-align:center}.elementor-widget-image a{display:inline-block}.elementor-widget-image a img[src$=\".svg\"]{width:48px}.elementor-widget-image img{vertical-align:middle;display:inline-block}<\/style><\/p>\n<figure><img loading=\"lazy\" decoding=\"async\" class=\"size-full wp-image-834 aligncenter\" src=\"https:\/\/materlandia.mg.leg.br\/wp-content\/uploads\/2023\/10\/Imagem-do-WhatsApp-de-2023-10-13-as-19.54.51_5a294970.jpg\" alt=\"\" width=\"345\" height=\"500\" \/><br \/>\n<figcaption><\/figcaption>\n<\/figure>\n<p>\u00a0<\/p>\n\n\n<\/p>\n<p>Gaud\u00eancio Ventura da Cruz \u00e9 formado em Tecnologia em Gest\u00e3o de Recursos Humanos, P\u00f3s Graduado em Gest\u00e3o P\u00fablica e tamb\u00e9m P\u00f3s Graduado em Gest\u00e3o de Pol\u00edticas Sociais, al\u00e9m de ter conclu\u00eddo alguns cursos auxiliares e t\u00e9cnicos pela CEPED, sendo os mais relevantes, Auxiliar Administrativo, Auxiliar Cont\u00e1bil, Secretariado Executivo e Pol\u00edtica de Recursos Humanos.<\/p><p>No ano de 2007 foi aprovado em concurso p\u00fablico se tornando servidor efetivo da Prefeitura Municipal de Materl\u00e2ndia. Ainda em 2007 participou ativamente da funda\u00e7\u00e3o da Associa\u00e7\u00e3o Atl\u00e9tica Juventude Materlandense, organiza\u00e7\u00e3o sem fins lucrativos, voltada \u00e0 promo\u00e7\u00e3o da cidadania, por meio do esporte e do lazer, institui\u00e7\u00e3o da qual hoje est\u00e1 Vice-presidente, \u00e9 patrocinador e apresentador oficial de eventos.<br><\/p><p>Desde o ano de 2008, Gaud\u00eancio desenvolve um trabalho esportivo social volunt\u00e1rio com dezenas de crian\u00e7as adolescentes e adultos. Com o desejo de resgatar os valores e direitos da popula\u00e7\u00e3o, ampliando sua atua\u00e7\u00e3o na busca por solu\u00e7\u00f5es, Gaud\u00eancio iniciou sua carreira pol\u00edtica em 2012, quando se candidatou a Vereador pela primeira vez e foi eleito, assim ocupando uma cadeira na C\u00e2mara Municipal de Vereadores de Materl\u00e2ndia. <br><\/p><p>Em sua segunda participa\u00e7\u00e3o nas elei\u00e7\u00f5es municipais, em 2016 obteve uma vota\u00e7\u00e3o crescente e foi reeleito.<br><\/p><p>Em 2020 concorreu novamente ao cargo de Vereador e mais uma vez obteve sucesso. <br><\/p><p>Hoje, Gaud\u00eancio divide o seu tempo entre o seu trabalho na C\u00e2mara Municipal, seu trabalho como Servidor P\u00fablico Municipal, atuando nas Secretarias Municipais de Educa\u00e7\u00e3o e de Esporte e a Vice-Presid\u00eancia da AAJM. Gaud\u00eancio acredita que o esporte \u00e9 a maior ferramenta de inser\u00e7\u00e3o social que existe, pois os resultados s\u00e3o imediatos e julga que o seu trabalho social esportivo promove mudan\u00e7as positivas no funcionamento psicol\u00f3gico e social dos participantes e de seus familiares, assim diminuindo as vulnerabilidades existentes e proporcionando oportunidades para a exist\u00eancia de uma vida social mais satisfat\u00f3ria. Acredita tamb\u00e9m que \u00e9 extremamente importante nunca esquecer que a educa\u00e7\u00e3o \u00e9 um direito humano fundamental e que sendo de qualidade, com certeza diminui as causas dos conflitos humanos, comumente ligados \u00e0 ignor\u00e2ncia, preconceito&nbsp;e&nbsp;intoler\u00e2ncia.<\/p>\n<p>\n\n\n<p><\/p>","protected":false},"excerpt":{"rendered":"<p>\u00a0 Gaud\u00eancio Ventura da Cruz \u00e9 formado em Tecnologia em Gest\u00e3o de Recursos Humanos, P\u00f3s Graduado em Gest\u00e3o P\u00fablica e tamb\u00e9m P\u00f3s Graduado em Gest\u00e3o de Pol\u00edticas Sociais, al\u00e9m de ter conclu\u00eddo alguns cursos auxiliares e t\u00e9cnicos pela CEPED, sendo os mais relevantes, Auxiliar Administrativo, Auxiliar Cont\u00e1bil, Secretariado Executivo e Pol\u00edtica de Recursos Humanos. No [&hellip;]<\/p>\n","protected":false},"author":1,"featured_media":0,"parent":0,"menu_order":0,"comment_status":"closed","ping_status":"closed","template":"","meta":{"footnotes":""},"class_list":["post-582","page","type-page","status-publish","hentry"],"_links":{"self":[{"href":"https:\/\/materlandia.mg.leg.br\/index.php\/wp-json\/wp\/v2\/pages\/582","targetHints":{"allow":["GET"]}}],"collection":[{"href":"https:\/\/materlandia.mg.leg.br\/index.php\/wp-json\/wp\/v2\/pages"}],"about":[{"href":"https:\/\/materlandia.mg.leg.br\/index.php\/wp-json\/wp\/v2\/types\/page"}],"author":[{"embeddable":true,"href":"https:\/\/materlandia.mg.leg.br\/index.php\/wp-json\/wp\/v2\/users\/1"}],"replies":[{"embeddable":true,"href":"https:\/\/materlandia.mg.leg.br\/index.php\/wp-json\/wp\/v2\/comments?post=582"}],"version-history":[{"count":26,"href":"https:\/\/materlandia.mg.leg.br\/index.php\/wp-json\/wp\/v2\/pages\/582\/revisions"}],"predecessor-version":[{"id":852,"href":"https:\/\/materlandia.mg.leg.br\/index.php\/wp-json\/wp\/v2\/pages\/582\/revisions\/852"}],"wp:attachment":[{"href":"https:\/\/materlandia.mg.leg.br\/index.php\/wp-json\/wp\/v2\/media?parent=582"}],"curies":[{"name":"wp","href":"https:\/\/api.w.org\/{rel}","templated":true}]}}